{"id":7137,"date":"2014-04-14T08:25:42","date_gmt":"2014-04-14T08:25:42","guid":{"rendered":"https:\/\/www.calafornells.com\/habitaciones-hotel-paguera-2\/"},"modified":"2021-03-15T11:16:01","modified_gmt":"2021-03-15T10:16:01","slug":"habitacions-hotel-peguera","status":"publish","type":"page","link":"https:\/\/www.calafornells.com\/ca\/habitacions-hotel-peguera\/","title":{"rendered":"Habitacions"},"content":{"rendered":"<section class=\"l-section wpb_row height_medium\"><div class=\"l-section-h i-cf\"><div class=\"g-cols vc_row via_flex valign_top type_default stacking_default\"><div class=\"vc_col-sm-12 wpb_column vc_column_container\"><div class=\"vc_column-inner\"><div class=\"wpb_wrapper\"><div class=\"wpb_text_column\"><div class=\"wpb_wrapper\"><h2>COMODITAT AMB VISTES A LA MAR<\/h2>\n<p>Les nostres acollidores habitacions, totes reformades, estan equipades amb totes les comoditats per fer que la teva estada sigui no nom\u00e9s m\u00e9s agradable, sin\u00f3 una experi\u00e8ncia inoblidable. Disposam de diversos tipus d&#8217;habitaci\u00f3 perqu\u00e8 escullis la que millor s&#8217;adapta a les teves necessitats.<\/p>\n<\/div><\/div><div class=\"w-separator size_medium\"><\/div><div class=\"w-grid us_grid type_grid layout_10148 cols_2 preload_style_spinner\" id=\"us_grid_1\" style=\"--columns:2;--gap:1.5rem;\" data-filterable=\"true\"><style>@media (max-width:600px){#us_grid_1{--columns:1!important}}.layout_10148 .w-grid-item-h{}.layout_10148 .usg_post_image_1{margin-bottom:0.5rem!important}.layout_10148 .usg_post_title_1{font-size:1.5rem!important}<\/style><div class=\"w-grid-list\">\t<article class=\"w-grid-item size_1x1 post-11235 us_portfolio type-us_portfolio status-publish has-post-thumbnail hentry\" data-id=\"11235\">\r\n\t\t<div class=\"w-grid-item-h\">\r\n\t\t\t\t\t\t<div class=\"w-post-elm post_image usg_post_image_1 stretched\"><a href=\"https:\/\/www.calafornells.com\/ca\/habitacion-hotel-paguera\/doble\/\" aria-label=\"Doble Vista Mar\"><img decoding=\"async\" width=\"600\" height=\"400\" data-src=\"https:\/\/www.calafornells.com\/wp-content\/uploads\/2021\/01\/hotel-cala-fornells-coble-vista-mar-3-600x400.jpg\" class=\"attachment-us_600_400_crop size-us_600_400_crop wp-post-image lazyload\" alt=\"\" data-srcset=\"https:\/\/www.calafornells.com\/wp-content\/uploads\/2021\/01\/hotel-cala-fornells-coble-vista-mar-3-600x400.jpg 600w, https:\/\/www.calafornells.com\/wp-content\/uploads\/2021\/01\/hotel-cala-fornells-coble-vista-mar-3-1024x683.jpg 1024w, https:\/\/www.calafornells.com\/wp-content\/uploads\/2021\/01\/hotel-cala-fornells-coble-vista-mar-3-1536x1024.jpg 1536w, https:\/\/www.calafornells.com\/wp-content\/uploads\/2021\/01\/hotel-cala-fornells-coble-vista-mar-3.jpg 1920w\" data-sizes=\"(max-width: 600px) 100vw, 600px\" src=\"data:image\/svg+xml;base64,PHN2ZyB3aWR0aD0iMSIgaGVpZ2h0PSIxIiB4bWxucz0iaHR0cDovL3d3dy53My5vcmcvMjAwMC9zdmciPjwvc3ZnPg==\" style=\"--smush-placeholder-width: 600px; --smush-placeholder-aspect-ratio: 600\/400;\" \/><\/a><\/div><h2 class=\"w-post-elm post_title usg_post_title_1 align_center entry-title color_link_inherit\"><a href=\"https:\/\/www.calafornells.com\/ca\/habitacion-hotel-paguera\/doble\/\">Doble Vista Mar<\/a><\/h2>\t\t<\/div>\r\n\t\t\t<\/article>\r\n\t<article class=\"w-grid-item size_1x1 post-11230 us_portfolio type-us_portfolio status-publish has-post-thumbnail hentry\" data-id=\"11230\">\r\n\t\t<div class=\"w-grid-item-h\">\r\n\t\t\t\t\t\t<div class=\"w-post-elm post_image usg_post_image_1 stretched\"><a href=\"https:\/\/www.calafornells.com\/ca\/habitacion-hotel-paguera\/superior\/\" aria-label=\"Superior Vista Mar\"><img decoding=\"async\" width=\"600\" height=\"400\" data-src=\"https:\/\/www.calafornells.com\/wp-content\/uploads\/2026\/03\/hotel-cala-fornells-balcon-2026-600x400.jpeg\" class=\"attachment-us_600_400_crop size-us_600_400_crop wp-post-image lazyload\" alt=\"\" data-srcset=\"https:\/\/www.calafornells.com\/wp-content\/uploads\/2026\/03\/hotel-cala-fornells-balcon-2026-600x400.jpeg 600w, https:\/\/www.calafornells.com\/wp-content\/uploads\/2026\/03\/hotel-cala-fornells-balcon-2026-1024x684.jpeg 1024w, https:\/\/www.calafornells.com\/wp-content\/uploads\/2026\/03\/hotel-cala-fornells-balcon-2026-1536x1026.jpeg 1536w, https:\/\/www.calafornells.com\/wp-content\/uploads\/2026\/03\/hotel-cala-fornells-balcon-2026.jpeg 1920w\" data-sizes=\"(max-width: 600px) 100vw, 600px\" src=\"data:image\/svg+xml;base64,PHN2ZyB3aWR0aD0iMSIgaGVpZ2h0PSIxIiB4bWxucz0iaHR0cDovL3d3dy53My5vcmcvMjAwMC9zdmciPjwvc3ZnPg==\" style=\"--smush-placeholder-width: 600px; --smush-placeholder-aspect-ratio: 600\/400;\" \/><\/a><\/div><h2 class=\"w-post-elm post_title usg_post_title_1 align_center entry-title color_link_inherit\"><a href=\"https:\/\/www.calafornells.com\/ca\/habitacion-hotel-paguera\/superior\/\">Superior Vista Mar<\/a><\/h2>\t\t<\/div>\r\n\t\t\t<\/article>\r\n\t<article class=\"w-grid-item size_1x1 post-13279 us_portfolio type-us_portfolio status-publish has-post-thumbnail hentry\" data-id=\"13279\">\r\n\t\t<div class=\"w-grid-item-h\">\r\n\t\t\t\t\t\t<div class=\"w-post-elm post_image usg_post_image_1 stretched\"><a href=\"https:\/\/www.calafornells.com\/ca\/habitacion-hotel-paguera\/deluxe\/\" aria-label=\"Deluxe Vista Mar\"><img decoding=\"async\" width=\"600\" height=\"400\" data-src=\"https:\/\/www.calafornells.com\/wp-content\/uploads\/2025\/06\/hotel-cala-fornells-deluxe-2025-03-600x400.jpeg\" class=\"attachment-us_600_400_crop size-us_600_400_crop wp-post-image lazyload\" alt=\"\" data-srcset=\"https:\/\/www.calafornells.com\/wp-content\/uploads\/2025\/06\/hotel-cala-fornells-deluxe-2025-03-600x400.jpeg 600w, https:\/\/www.calafornells.com\/wp-content\/uploads\/2025\/06\/hotel-cala-fornells-deluxe-2025-03-1024x684.jpeg 1024w, https:\/\/www.calafornells.com\/wp-content\/uploads\/2025\/06\/hotel-cala-fornells-deluxe-2025-03-1536x1026.jpeg 1536w\" data-sizes=\"(max-width: 600px) 100vw, 600px\" src=\"data:image\/svg+xml;base64,PHN2ZyB3aWR0aD0iMSIgaGVpZ2h0PSIxIiB4bWxucz0iaHR0cDovL3d3dy53My5vcmcvMjAwMC9zdmciPjwvc3ZnPg==\" style=\"--smush-placeholder-width: 600px; --smush-placeholder-aspect-ratio: 600\/400;\" \/><\/a><\/div><h2 class=\"w-post-elm post_title usg_post_title_1 align_center entry-title color_link_inherit\"><a href=\"https:\/\/www.calafornells.com\/ca\/habitacion-hotel-paguera\/deluxe\/\">Deluxe Vista Mar<\/a><\/h2>\t\t<\/div>\r\n\t\t\t<\/article>\r\n\t<article class=\"w-grid-item size_1x1 post-12514 us_portfolio type-us_portfolio status-publish has-post-thumbnail hentry\" data-id=\"12514\">\r\n\t\t<div class=\"w-grid-item-h\">\r\n\t\t\t\t\t\t<div class=\"w-post-elm post_image usg_post_image_1 stretched\"><a href=\"https:\/\/www.calafornells.com\/ca\/habitacion-hotel-paguera\/doble-2\/\" aria-label=\"Doble\"><img decoding=\"async\" width=\"600\" height=\"400\" data-src=\"https:\/\/www.calafornells.com\/wp-content\/uploads\/2026\/03\/habitacion-doble-hotel-cala-fornells-1-600x400.jpg\" class=\"attachment-us_600_400_crop size-us_600_400_crop wp-post-image lazyload\" alt=\"\" src=\"data:image\/svg+xml;base64,PHN2ZyB3aWR0aD0iMSIgaGVpZ2h0PSIxIiB4bWxucz0iaHR0cDovL3d3dy53My5vcmcvMjAwMC9zdmciPjwvc3ZnPg==\" style=\"--smush-placeholder-width: 600px; --smush-placeholder-aspect-ratio: 600\/400;\" \/><\/a><\/div><h2 class=\"w-post-elm post_title usg_post_title_1 align_center entry-title color_link_inherit\"><a href=\"https:\/\/www.calafornells.com\/ca\/habitacion-hotel-paguera\/doble-2\/\">Doble<\/a><\/h2>\t\t<\/div>\r\n\t\t\t<\/article>\r\n\t<article class=\"w-grid-item size_1x1 post-11225 us_portfolio type-us_portfolio status-publish has-post-thumbnail hentry\" data-id=\"11225\">\r\n\t\t<div class=\"w-grid-item-h\">\r\n\t\t\t\t\t\t<div class=\"w-post-elm post_image usg_post_image_1 stretched\"><a href=\"https:\/\/www.calafornells.com\/ca\/habitacion-hotel-paguera\/triple\/\" aria-label=\"Triple\"><img decoding=\"async\" width=\"600\" height=\"400\" data-src=\"https:\/\/www.calafornells.com\/wp-content\/uploads\/2021\/02\/habitacion-triple-cala-fornells-2026-3-600x400.jpg\" class=\"attachment-us_600_400_crop size-us_600_400_crop wp-post-image lazyload\" alt=\"\" src=\"data:image\/svg+xml;base64,PHN2ZyB3aWR0aD0iMSIgaGVpZ2h0PSIxIiB4bWxucz0iaHR0cDovL3d3dy53My5vcmcvMjAwMC9zdmciPjwvc3ZnPg==\" style=\"--smush-placeholder-width: 600px; --smush-placeholder-aspect-ratio: 600\/400;\" \/><\/a><\/div><h2 class=\"w-post-elm post_title usg_post_title_1 align_center entry-title color_link_inherit\"><a href=\"https:\/\/www.calafornells.com\/ca\/habitacion-hotel-paguera\/triple\/\">Triple<\/a><\/h2>\t\t<\/div>\r\n\t\t\t<\/article>\r\n\t<article class=\"w-grid-item size_1x1 post-11220 us_portfolio type-us_portfolio status-publish has-post-thumbnail hentry\" data-id=\"11220\">\r\n\t\t<div class=\"w-grid-item-h\">\r\n\t\t\t\t\t\t<div class=\"w-post-elm post_image usg_post_image_1 stretched\"><a href=\"https:\/\/www.calafornells.com\/ca\/habitacion-hotel-paguera\/familiar\/\" aria-label=\"Familiar\"><img decoding=\"async\" width=\"600\" height=\"400\" data-src=\"https:\/\/www.calafornells.com\/wp-content\/uploads\/2026\/03\/habitacion-familiar-hotel-cala-fornells-paguera-mallorca-2-600x400.jpg\" class=\"attachment-us_600_400_crop size-us_600_400_crop wp-post-image lazyload\" alt=\"\" src=\"data:image\/svg+xml;base64,PHN2ZyB3aWR0aD0iMSIgaGVpZ2h0PSIxIiB4bWxucz0iaHR0cDovL3d3dy53My5vcmcvMjAwMC9zdmciPjwvc3ZnPg==\" style=\"--smush-placeholder-width: 600px; --smush-placeholder-aspect-ratio: 600\/400;\" \/><\/a><\/div><h2 class=\"w-post-elm post_title usg_post_title_1 align_center entry-title color_link_inherit\"><a href=\"https:\/\/www.calafornells.com\/ca\/habitacion-hotel-paguera\/familiar\/\">Familiar<\/a><\/h2>\t\t<\/div>\r\n\t\t\t<\/article>\r\n\t<article class=\"w-grid-item size_1x1 post-11215 us_portfolio type-us_portfolio status-publish has-post-thumbnail hentry\" data-id=\"11215\">\r\n\t\t<div class=\"w-grid-item-h\">\r\n\t\t\t\t\t\t<div class=\"w-post-elm post_image usg_post_image_1 stretched\"><a href=\"https:\/\/www.calafornells.com\/ca\/habitacion-hotel-paguera\/individual\/\" aria-label=\"Individual\"><img decoding=\"async\" width=\"600\" height=\"400\" data-src=\"https:\/\/www.calafornells.com\/wp-content\/uploads\/2021\/02\/habitaciones-hotel-paguera-indivdual-1-600x400.jpg\" class=\"attachment-us_600_400_crop size-us_600_400_crop wp-post-image lazyload\" alt=\"\" src=\"data:image\/svg+xml;base64,PHN2ZyB3aWR0aD0iMSIgaGVpZ2h0PSIxIiB4bWxucz0iaHR0cDovL3d3dy53My5vcmcvMjAwMC9zdmciPjwvc3ZnPg==\" style=\"--smush-placeholder-width: 600px; --smush-placeholder-aspect-ratio: 600\/400;\" \/><\/a><\/div><h2 class=\"w-post-elm post_title usg_post_title_1 align_center entry-title color_link_inherit\"><a href=\"https:\/\/www.calafornells.com\/ca\/habitacion-hotel-paguera\/individual\/\">Individual<\/a><\/h2>\t\t<\/div>\r\n\t\t\t<\/article>\r\n<\/div>\t<div class=\"w-grid-preloader\">\r\n\t\t<div class=\"g-preloader type_1\">\r\n\t\t\t<div><\/div>\r\n\t\t<\/div>\r\n\t<\/div>\r\n\t\t<div class=\"w-grid-json hidden\" onclick='return {&quot;action&quot;:&quot;us_ajax_grid&quot;,&quot;infinite_scroll&quot;:0,&quot;max_num_pages&quot;:1,&quot;pagination&quot;:&quot;none&quot;,&quot;template_vars&quot;:{&quot;columns&quot;:&quot;2&quot;,&quot;exclude_items&quot;:&quot;none&quot;,&quot;img_size&quot;:&quot;default&quot;,&quot;ignore_items_size&quot;:0,&quot;items_layout&quot;:&quot;10148&quot;,&quot;items_offset&quot;:&quot;1&quot;,&quot;load_animation&quot;:&quot;none&quot;,&quot;overriding_link&quot;:&quot;{\\&quot;url\\&quot;:\\&quot;\\&quot;}&quot;,&quot;post_id&quot;:0,&quot;query_args&quot;:{&quot;post_type&quot;:[&quot;us_portfolio&quot;],&quot;post_status&quot;:[&quot;publish&quot;],&quot;posts_per_page&quot;:&quot;10&quot;},&quot;orderby_query_args&quot;:{&quot;orderby&quot;:{&quot;date&quot;:&quot;ASC&quot;}},&quot;type&quot;:&quot;grid&quot;,&quot;us_grid_post_type&quot;:&quot;us_portfolio&quot;,&quot;us_grid_ajax_index&quot;:1,&quot;us_grid_filter_query_string&quot;:null,&quot;us_grid_index&quot;:1,&quot;page_args&quot;:[],&quot;lang&quot;:&quot;ca&quot;}}'><\/div>\r\n\t<\/div><\/div><\/div><\/div><\/div><\/div><\/section>\n","protected":false},"excerpt":{"rendered":"Habitaci\u00f3 individual amb vistes a la mar i balc\u00f3 o terrassa Totes les habitacions d&#8217;aquest tipus tenen balc\u00f3 o terrassa i gaudeixen d&#8217;una incomparable vista sobre el mar i la costa mallorquina. Superf\u00edcie de l&#8217;habitaci\u00f3 Individual: 15 m\u00b2 Tipus de llit: 1 llit individual A les nostres acollidores habitacions hi trobar\u00e0s aire condicionat, calefacci\u00f3, minibar,...","protected":false},"author":1,"featured_media":14792,"parent":0,"menu_order":0,"comment_status":"closed","ping_status":"closed","template":"","meta":{"footnotes":""},"class_list":["post-7137","page","type-page","status-publish","has-post-thumbnail","hentry"],"yoast_head":"<!-- This site is optimized with the Yoast SEO plugin v27.5 - https:\/\/yoast.com\/product\/yoast-seo-wordpress\/ -->\n<title>Habitacions | Hotel Cala Fornells<\/title>\n<meta name=\"robots\" content=\"index, follow, max-snippet:-1, max-image-preview:large, max-video-preview:-1\" \/>\n<link rel=\"canonical\" href=\"https:\/\/www.calafornells.com\/habitaciones-hotel-paguera\/\" \/>\n<meta property=\"og:locale\" content=\"ca_ES\" \/>\n<meta property=\"og:type\" content=\"article\" \/>\n<meta property=\"og:title\" content=\"Habitacions | Hotel Cala Fornells\" \/>\n<meta property=\"og:url\" content=\"https:\/\/www.calafornells.com\/habitaciones-hotel-paguera\/\" \/>\n<meta property=\"og:site_name\" content=\"Hotel Cala Fornells\" \/>\n<meta property=\"article:publisher\" content=\"https:\/\/www.facebook.com\/hotel.calafornells\/\" \/>\n<meta property=\"article:modified_time\" content=\"2021-03-15T10:16:01+00:00\" \/>\n<meta property=\"og:image\" content=\"https:\/\/www.calafornells.com\/wp-content\/uploads\/2014\/04\/habitacion-mini.jpg\" \/>\n\t<meta property=\"og:image:width\" content=\"1920\" \/>\n\t<meta property=\"og:image:height\" content=\"1080\" \/>\n\t<meta property=\"og:image:type\" content=\"image\/jpeg\" \/>\n<meta name=\"twitter:card\" content=\"summary_large_image\" \/>\n<meta name=\"twitter:label1\" content=\"Temps estimat de lectura\" \/>\n\t<meta name=\"twitter:data1\" content=\"1 minut\" \/>\n<script type=\"application\/ld+json\" class=\"yoast-schema-graph\">{\"@context\":\"https:\\\/\\\/schema.org\",\"@graph\":[{\"@type\":\"WebPage\",\"@id\":\"https:\\\/\\\/www.calafornells.com\\\/habitaciones-hotel-paguera\\\/\",\"url\":\"https:\\\/\\\/www.calafornells.com\\\/habitaciones-hotel-paguera\\\/\",\"name\":\"Habitacions | Hotel Cala Fornells\",\"isPartOf\":{\"@id\":\"https:\\\/\\\/www.calafornells.com\\\/#website\"},\"primaryImageOfPage\":{\"@id\":\"https:\\\/\\\/www.calafornells.com\\\/habitaciones-hotel-paguera\\\/#primaryimage\"},\"image\":{\"@id\":\"https:\\\/\\\/www.calafornells.com\\\/habitaciones-hotel-paguera\\\/#primaryimage\"},\"thumbnailUrl\":\"https:\\\/\\\/www.calafornells.com\\\/wp-content\\\/uploads\\\/2026\\\/03\\\/hotel-cala-fornells-hotel-rooms-2026.jpeg\",\"datePublished\":\"2014-04-14T08:25:42+00:00\",\"dateModified\":\"2021-03-15T10:16:01+00:00\",\"breadcrumb\":{\"@id\":\"https:\\\/\\\/www.calafornells.com\\\/habitaciones-hotel-paguera\\\/#breadcrumb\"},\"inLanguage\":\"ca\",\"potentialAction\":[{\"@type\":\"ReadAction\",\"target\":[\"https:\\\/\\\/www.calafornells.com\\\/habitaciones-hotel-paguera\\\/\"]}]},{\"@type\":\"ImageObject\",\"inLanguage\":\"ca\",\"@id\":\"https:\\\/\\\/www.calafornells.com\\\/habitaciones-hotel-paguera\\\/#primaryimage\",\"url\":\"https:\\\/\\\/www.calafornells.com\\\/wp-content\\\/uploads\\\/2026\\\/03\\\/hotel-cala-fornells-hotel-rooms-2026.jpeg\",\"contentUrl\":\"https:\\\/\\\/www.calafornells.com\\\/wp-content\\\/uploads\\\/2026\\\/03\\\/hotel-cala-fornells-hotel-rooms-2026.jpeg\",\"width\":1024,\"height\":683},{\"@type\":\"BreadcrumbList\",\"@id\":\"https:\\\/\\\/www.calafornells.com\\\/habitaciones-hotel-paguera\\\/#breadcrumb\",\"itemListElement\":[{\"@type\":\"ListItem\",\"position\":1,\"name\":\"Portada\",\"item\":\"https:\\\/\\\/www.calafornells.com\\\/ca\\\/\"},{\"@type\":\"ListItem\",\"position\":2,\"name\":\"Habitacions\"}]},{\"@type\":\"WebSite\",\"@id\":\"https:\\\/\\\/www.calafornells.com\\\/#website\",\"url\":\"https:\\\/\\\/www.calafornells.com\\\/\",\"name\":\"Hotel Cala Fornells\",\"description\":\"4* Peguera Mallorca | Web Oficial | Millor Preu online Garantit\",\"publisher\":{\"@id\":\"https:\\\/\\\/www.calafornells.com\\\/#organization\"},\"potentialAction\":[{\"@type\":\"SearchAction\",\"target\":{\"@type\":\"EntryPoint\",\"urlTemplate\":\"https:\\\/\\\/www.calafornells.com\\\/?s={search_term_string}\"},\"query-input\":{\"@type\":\"PropertyValueSpecification\",\"valueRequired\":true,\"valueName\":\"search_term_string\"}}],\"inLanguage\":\"ca\"},{\"@type\":\"Organization\",\"@id\":\"https:\\\/\\\/www.calafornells.com\\\/#organization\",\"name\":\"Hotel Cala Fornells\",\"url\":\"https:\\\/\\\/www.calafornells.com\\\/\",\"logo\":{\"@type\":\"ImageObject\",\"inLanguage\":\"ca\",\"@id\":\"https:\\\/\\\/www.calafornells.com\\\/#\\\/schema\\\/logo\\\/image\\\/\",\"url\":\"\",\"contentUrl\":\"\",\"caption\":\"Hotel Cala Fornells\"},\"image\":{\"@id\":\"https:\\\/\\\/www.calafornells.com\\\/#\\\/schema\\\/logo\\\/image\\\/\"},\"sameAs\":[\"https:\\\/\\\/www.facebook.com\\\/hotel.calafornells\\\/\",\"https:\\\/\\\/www.instagram.com\\\/hotelcalafornells\\\/\"]}]}<\/script>\n<!-- \/ Yoast SEO plugin. -->","yoast_head_json":{"title":"Habitacions | Hotel Cala Fornells","robots":{"index":"index","follow":"follow","max-snippet":"max-snippet:-1","max-image-preview":"max-image-preview:large","max-video-preview":"max-video-preview:-1"},"canonical":"https:\/\/www.calafornells.com\/habitaciones-hotel-paguera\/","og_locale":"ca_ES","og_type":"article","og_title":"Habitacions | Hotel Cala Fornells","og_url":"https:\/\/www.calafornells.com\/habitaciones-hotel-paguera\/","og_site_name":"Hotel Cala Fornells","article_publisher":"https:\/\/www.facebook.com\/hotel.calafornells\/","article_modified_time":"2021-03-15T10:16:01+00:00","og_image":[{"width":1920,"height":1080,"url":"https:\/\/www.calafornells.com\/wp-content\/uploads\/2014\/04\/habitacion-mini.jpg","type":"image\/jpeg"}],"twitter_card":"summary_large_image","twitter_misc":{"Temps estimat de lectura":"1 minut"},"schema":{"@context":"https:\/\/schema.org","@graph":[{"@type":"WebPage","@id":"https:\/\/www.calafornells.com\/habitaciones-hotel-paguera\/","url":"https:\/\/www.calafornells.com\/habitaciones-hotel-paguera\/","name":"Habitacions | Hotel Cala Fornells","isPartOf":{"@id":"https:\/\/www.calafornells.com\/#website"},"primaryImageOfPage":{"@id":"https:\/\/www.calafornells.com\/habitaciones-hotel-paguera\/#primaryimage"},"image":{"@id":"https:\/\/www.calafornells.com\/habitaciones-hotel-paguera\/#primaryimage"},"thumbnailUrl":"https:\/\/www.calafornells.com\/wp-content\/uploads\/2026\/03\/hotel-cala-fornells-hotel-rooms-2026.jpeg","datePublished":"2014-04-14T08:25:42+00:00","dateModified":"2021-03-15T10:16:01+00:00","breadcrumb":{"@id":"https:\/\/www.calafornells.com\/habitaciones-hotel-paguera\/#breadcrumb"},"inLanguage":"ca","potentialAction":[{"@type":"ReadAction","target":["https:\/\/www.calafornells.com\/habitaciones-hotel-paguera\/"]}]},{"@type":"ImageObject","inLanguage":"ca","@id":"https:\/\/www.calafornells.com\/habitaciones-hotel-paguera\/#primaryimage","url":"https:\/\/www.calafornells.com\/wp-content\/uploads\/2026\/03\/hotel-cala-fornells-hotel-rooms-2026.jpeg","contentUrl":"https:\/\/www.calafornells.com\/wp-content\/uploads\/2026\/03\/hotel-cala-fornells-hotel-rooms-2026.jpeg","width":1024,"height":683},{"@type":"BreadcrumbList","@id":"https:\/\/www.calafornells.com\/habitaciones-hotel-paguera\/#breadcrumb","itemListElement":[{"@type":"ListItem","position":1,"name":"Portada","item":"https:\/\/www.calafornells.com\/ca\/"},{"@type":"ListItem","position":2,"name":"Habitacions"}]},{"@type":"WebSite","@id":"https:\/\/www.calafornells.com\/#website","url":"https:\/\/www.calafornells.com\/","name":"Hotel Cala Fornells","description":"4* Peguera Mallorca | Web Oficial | Millor Preu online Garantit","publisher":{"@id":"https:\/\/www.calafornells.com\/#organization"},"potentialAction":[{"@type":"SearchAction","target":{"@type":"EntryPoint","urlTemplate":"https:\/\/www.calafornells.com\/?s={search_term_string}"},"query-input":{"@type":"PropertyValueSpecification","valueRequired":true,"valueName":"search_term_string"}}],"inLanguage":"ca"},{"@type":"Organization","@id":"https:\/\/www.calafornells.com\/#organization","name":"Hotel Cala Fornells","url":"https:\/\/www.calafornells.com\/","logo":{"@type":"ImageObject","inLanguage":"ca","@id":"https:\/\/www.calafornells.com\/#\/schema\/logo\/image\/","url":"","contentUrl":"","caption":"Hotel Cala Fornells"},"image":{"@id":"https:\/\/www.calafornells.com\/#\/schema\/logo\/image\/"},"sameAs":["https:\/\/www.facebook.com\/hotel.calafornells\/","https:\/\/www.instagram.com\/hotelcalafornells\/"]}]}},"_links":{"self":[{"href":"https:\/\/www.calafornells.com\/ca\/wp-json\/wp\/v2\/pages\/7137","targetHints":{"allow":["GET"]}}],"collection":[{"href":"https:\/\/www.calafornells.com\/ca\/wp-json\/wp\/v2\/pages"}],"about":[{"href":"https:\/\/www.calafornells.com\/ca\/wp-json\/wp\/v2\/types\/page"}],"author":[{"embeddable":true,"href":"https:\/\/www.calafornells.com\/ca\/wp-json\/wp\/v2\/users\/1"}],"replies":[{"embeddable":true,"href":"https:\/\/www.calafornells.com\/ca\/wp-json\/wp\/v2\/comments?post=7137"}],"version-history":[{"count":8,"href":"https:\/\/www.calafornells.com\/ca\/wp-json\/wp\/v2\/pages\/7137\/revisions"}],"predecessor-version":[{"id":12156,"href":"https:\/\/www.calafornells.com\/ca\/wp-json\/wp\/v2\/pages\/7137\/revisions\/12156"}],"wp:featuredmedia":[{"embeddable":true,"href":"https:\/\/www.calafornells.com\/ca\/wp-json\/wp\/v2\/media\/14792"}],"wp:attachment":[{"href":"https:\/\/www.calafornells.com\/ca\/wp-json\/wp\/v2\/media?parent=7137"}],"curies":[{"name":"wp","href":"https:\/\/api.w.org\/{rel}","templated":true}]}}