{"version":"1.0","provider_name":"Hotel Cala Fornells","provider_url":"https:\/\/www.calafornells.com\/fr\/","title":"Cala Fornells se r\u00e9veille avec la nouvelle saison | Hotel Cala Fornells","type":"rich","width":600,"height":338,"html":"<blockquote class=\"wp-embedded-content\" data-secret=\"b3z6lB2HPp\"><a href=\"https:\/\/www.calafornells.com\/fr\/cala-fornells-se-reveille-avec-la-nouvelle-saison\/\">Cala Fornells se r\u00e9veille avec la nouvelle saison<\/a><\/blockquote><iframe sandbox=\"allow-scripts\" security=\"restricted\" src=\"https:\/\/www.calafornells.com\/fr\/cala-fornells-se-reveille-avec-la-nouvelle-saison\/embed\/#?secret=b3z6lB2HPp\" width=\"600\" height=\"338\" title=\"\u00ab\u00a0Cala Fornells se r\u00e9veille avec la nouvelle saison\u00a0\u00bb &#8212; Hotel Cala Fornells\" data-secret=\"b3z6lB2HPp\" frameborder=\"0\" marginwidth=\"0\" marginheight=\"0\" scrolling=\"no\" class=\"wp-embedded-content\"><\/iframe><script>\n\/*! This file is auto-generated *\/\n!function(d,l){\"use strict\";l.querySelector&&d.addEventListener&&\"undefined\"!=typeof URL&&(d.wp=d.wp||{},d.wp.receiveEmbedMessage||(d.wp.receiveEmbedMessage=function(e){var t=e.data;if((t||t.secret||t.message||t.value)&&!\/[^a-zA-Z0-9]\/.test(t.secret)){for(var s,r,n,a=l.querySelectorAll('iframe[data-secret=\"'+t.secret+'\"]'),o=l.querySelectorAll('blockquote[data-secret=\"'+t.secret+'\"]'),c=new RegExp(\"^https?:$\",\"i\"),i=0;i<o.length;i++)o[i].style.display=\"none\";for(i=0;i<a.length;i++)s=a[i],e.source===s.contentWindow&&(s.removeAttribute(\"style\"),\"height\"===t.message?(1e3<(r=parseInt(t.value,10))?r=1e3:~~r<200&&(r=200),s.height=r):\"link\"===t.message&&(r=new URL(s.getAttribute(\"src\")),n=new URL(t.value),c.test(n.protocol))&&n.host===r.host&&l.activeElement===s&&(d.top.location.href=t.value))}},d.addEventListener(\"message\",d.wp.receiveEmbedMessage,!1),l.addEventListener(\"DOMContentLoaded\",function(){for(var e,t,s=l.querySelectorAll(\"iframe.wp-embedded-content\"),r=0;r<s.length;r++)(t=(e=s[r]).getAttribute(\"data-secret\"))||(t=Math.random().toString(36).substring(2,12),e.src+=\"#?secret=\"+t,e.setAttribute(\"data-secret\",t)),e.contentWindow.postMessage({message:\"ready\",secret:t},\"*\")},!1)))}(window,document);\n\/\/# sourceURL=https:\/\/www.calafornells.com\/wp-includes\/js\/wp-embed.min.js\n<\/script>\n","thumbnail_url":"https:\/\/www.calafornells.com\/wp-content\/uploads\/2026\/03\/hotel-cala-fornells-primavera-2026.jpg","thumbnail_width":1599,"thumbnail_height":899,"description":"Avec l\u2019arriv\u00e9e du printemps, Cala Fornells retrouve peu \u00e0 peu son rythme. Les journ\u00e9es s\u2019allongent, la lumi\u00e8re m\u00e9diterran\u00e9enne illumine de nouveau la baie et ce petit coin de Majorque retrouve la tranquillit\u00e9 qui le caract\u00e9rise. \u00c0 l\u2019Hotel Cala Fornells, ce moment de l\u2019ann\u00e9e a toujours une signification particuli\u00e8re. Apr\u00e8s les mois plus calmes de l\u2019hiver,..."}